{"id":12344,"date":"2025-01-06T19:22:53","date_gmt":"2025-01-06T18:22:53","guid":{"rendered":"https:\/\/www.passionedolomiti.com\/localita\/nonstal\/"},"modified":"2025-05-26T14:13:07","modified_gmt":"2025-05-26T12:13:07","slug":"nonstal","status":"publish","type":"localita","link":"https:\/\/www.passionedolomiti.com\/de\/localita\/nonstal\/","title":{"rendered":"Nonstal"},"content":{"rendered":"","protected":false},"excerpt":{"rendered":"","protected":false},"featured_media":10007,"template":"","meta":{"_acf_changed":false},"impostazione":[],"class_list":["post-12344","localita","type-localita","status-publish","has-post-thumbnail","hentry"],"acf":{"area_id":"val_di_non","riassunto":"Das Nonstal ist bekannt f\u00fcr seine \u00c4pfel \u2013 doch es hat weit mehr zu bieten: eine Landschaft voller nat\u00fcrlicher und kultureller \u00dcberraschungen.","riassunto_esteso":"Das Nonstal liegt im <strong>nordwestlichen Trentino<\/strong> und ist ber\u00fchmt f\u00fcr seine endlosen Apfelplantagen, die zu jeder Jahreszeit die Landschaft mit unverwechselbaren Farben und D\u00fcften pr\u00e4gen. Dieses weite, sonnige und einladende Tal erstreckt sich zwischen zwei imposanten Gebirgsz\u00fcgen: den Brenta-Dolomiten im S\u00fcdwesten und der Ortler-Cevedale-Gruppe im Norden. Gerade diese nat\u00fcrliche <strong>Kulisse<\/strong> macht das Tal zu einem Ort, an dem sich Natur, Kultur und Tradition auf harmonische Weise verbinden.  ","regione":"trentino","popolarita":"","localita_del_mese":false,"localita_piu_amata":false,"da_non_perdere_1":"Der Lago di Tovel","da_non_perdere_2":"Das Schloss \"Castel Thun\"","da_non_perdere_3":"Die Schlucht Rio Sass mit H\u00e4ngebr\u00fccken \u00fcber die Klamm","da_non_perdere_4":"Die ber\u00fchmten \u00c4pfel des Nonstals selbst pfl\u00fccken","da_non_perdere_5":"Wanderung zum Wallfahrtsort San Romedio","testo_cta":"Das Nonstal ist ber\u00fchmt f\u00fcr seine \u00c4pfel \u2013 doch es hat noch viel mehr zu bieten: Seen, Schluchten, Burgen, Kirchen und vieles mehr. Mach dich bereit, eine Region zu entdecken, die dich bei jedem Schritt aufs Neue \u00fcberraschen wird.<br> \n","meteo_localita_ricerca":"Cles","meteo_localita":"Cles","meteo_temperatura":"22","meteo_condizione":"Regenschauer in der N\u00e4he","meteo_condizione_en":"Partly cloudy","meteo_condizione_de":"Teilweise bew\u00f6lkt","meteo_ultimo_aggiornamento":"31\/08\/2026 12:30","meteo_codice":"1063","meteo_icona":"\/\/cdn.weatherapi.com\/weather\/64x64\/day\/176.png","immagine_sezione_1":"","titolo_sezione_1":"Die Landschaft der Val di Non","testo_sezione_1":"Die wichtigsten Gipfel rund um das Tal laden zu Wanderungen und Aktivit\u00e4ten an der frischen Luft ein. Von der <strong> Cima Brenta<\/strong> mit ihren 3.151 Metern im bekannten Naturpark Adamello-Brenta \u00fcber den leichter zug\u00e4nglichen <strong>Monte Peller <\/strong> mit seinen 2.319 Metern bis hin zur wilden <strong>Cima Sasso Rosso<\/strong> mit 2.642 Metern in der oberen Talschaft bieten sie vielf\u00e4ltige M\u00f6glichkeiten f\u00fcr Outdoor-Erlebnisse\n\nErg\u00e4nzt wird das Panorama durch den <strong>Monte Luco,<\/strong> das <strong>Corno di Tres<\/strong>, den <strong>Monte Ro\u00e8n<\/strong> und die <strong>Maddalene-Kette.<\/strong> Diese Berge bilden nicht nur den Hintergrund, sondern sind zentrale Elemente des Erlebnisses im Nonstal, mit aussichtsreichen Wegen, hochgelegenen Weiden, gastfreundlichen Almh\u00fctten und weiten Blicken bis zum Adamello-Massiv.","immagine_sezione_2":"","titolo_sezione_2":"Anreise ins Nonstal","testo_sezione_2":"Die Anreise ins Nonstal ist einfach, da es strategisch g\u00fcnstig gelegen und gut angebunden ist. Wer mit dem <strong>Auto<\/strong> unterwegs ist, nimmt die Brennerautobahn A22 und f\u00e4hrt entweder bei Trient Nord oder bei San Michele all\u2019Adige ab. Von dort f\u00fchrt die Staatsstra\u00dfe SS43 direkt nach Cles, dem Hauptort des Tals. \n\nAuch mit dem Zug ist die Region gut erreichbar: Die <strong>Bahnlinie<\/strong> Trento\u2013Mal\u00e8\u2013Mezzana verbindet Trient mit den wichtigsten Orten im Tal, darunter Dermulo und Cles. Erg\u00e4nzend verkehren regelm\u00e4\u00dfig <strong>Busse<\/strong> aus Trient und Bozen, eine ideale L\u00f6sung f\u00fcr alle, die ohne Auto reisen. ","immagine_sezione_3":"","titolo_sezione_3":"Die D\u00f6rfer im Nonstal","testo_sezione_3":"Das Nonstal ist reich an charmanten und authentischen D\u00f6rfern, jedes mit seiner eigenen Geschichte und besonderen Atmosph\u00e4re. Im Zentrum des Tals liegt <strong>Cles<\/strong>, lebendig und gut ausgestattet, mit Blick auf den Santa-Giustina-Stausee und \u00fcberragt von der m\u00e4chtigen Burg Castel Cles \u2013 ein unverkennbares Wahrzeichen der Region. Ganz in der N\u00e4he erstreckt sich die Gemeinde <strong>Predaia<\/strong> mit ihren vielen Ortsteilen wie <strong>Coredo<\/strong>, <strong>Smarano<\/strong> und <strong>Tavon<\/strong>, bekannt f\u00fcr ihre kleinen Seen und ein ideales Ziel f\u00fcr alle, die Kultur, Spiritualit\u00e4t und familienfreundliche Naturerlebnisse suchen.  \n\nEbenfalls reich an Reizen ist <strong>Borgo d\u2019Anaunia<\/strong>, das die Orte <strong>Fondo<\/strong>, <strong>Malosco<\/strong> und <strong>Castelfondo<\/strong> vereint. Hier finden sich der eindrucksvolle Canyon Rio Sass, der smaragdgr\u00fcne Lago Smeraldo und zahlreiche Wanderwege mit Ausblicken auf das Tal. In der benachbarten Gemeinde <strong>Ville d\u2019Anaunia<\/strong> liegen <strong>Tuenno,<\/strong> <strong>Tassullo<\/strong> und <strong>Nanno<\/strong>, deren Umgebung von Burgen gepr\u00e4gt ist \u2013 etwa Castel Valer und Castel Nanno \u2013 und die gleichzeitig das Tor zum sagenhaften Lago di Tovel bilden. \n\nWenig oberhalb liegt <strong>Sanzeno<\/strong>, ein Ort voller Geschichte und Spiritualit\u00e4t. Hier befinden sich das bedeutende Heiligtum San Romedio, das auch zu Fu\u00df \u00fcber den Jakobsweg von Anaunia erreicht werden kann, und das R\u00e4tische Museum, das die tiefen kulturellen Wurzeln der Region erz\u00e4hlt.","immagine_sezione_4":"","titolo_sezione_4":"","testo_sezione_4":"Ein symboltr\u00e4chtiger Ort des Tals ist <strong>Vigo di Ton<\/strong>, wo sich eines der bedeutendsten Kulturdenkm\u00e4ler des Trentino befindet: <strong>Castel Thun. <\/strong> Diese majest\u00e4tische Adelsresidenz ist hervorragend erhalten und liegt eingebettet zwischen Apfelhainen mit Ausblicken, die ihresgleichen suchen \u2013 ein absolutes Muss f\u00fcr jeden Besucher.\n\nAuf dem Weg zum Predaia-Plateau begegnet man den D\u00f6rfern <strong>Cavareno<\/strong> und <strong>Sarnonico<\/strong>, gr\u00fcn und ruhig gelegen, perfekt f\u00fcr einen Sommerurlaub mit frischer Luft, Radwegen, Parks und familienfreundlicher Infrastruktur. In der N\u00e4he liegt <strong>Ronzone<\/strong> mit seinem botanischen Garten und dem Rosengarten mit Blick auf die Brenta-Dolomiten. Von hier aus erreicht man auch <strong>Ruffr\u00e8 \u2013 Mendola<\/strong>, ein Grenzdorf zum S\u00fcdtirol, umgeben von W\u00e4ldern und bekannt f\u00fcr seine historische Standseilbahn, die es mit Kaltern verbindet.  \n\nZu den charakteristischsten Bauernd\u00f6rfern geh\u00f6ren <strong>Denno<\/strong>, eines der \u00e4ltesten im Tal, bekannt f\u00fcr seine \u00c4pfel und b\u00e4uerlichen Traditionen, <strong>Campodenno<\/strong> mit seiner sanft h\u00fcgeligen Kulturlandschaft und <strong>Cont\u00e0<\/strong>, das sich aus Flavon, Cunevo und Terres zusammensetzt, eingebettet zwischen Obstg\u00e4rten und Weinreben. Auch <strong>Romeno<\/strong> und <strong>Amblar \u2013 Don<\/strong> laden mit ruhigen Winkeln inmitten der Natur zu entspannenden Ausfl\u00fcgen und Walderlebnissen ein. ","immagine_sezione_5":"","titolo_sezione_5":"","testo_sezione_5":"In h\u00f6her gelegenen Gebieten begegnet man <strong>Rumo<\/strong>, einem Dorf mit starkem alpenl\u00e4ndischem Charakter, verstreuten H\u00f6fen und Aussicht auf die Maddalene, sowie <strong>Bresimo<\/strong>, das versteckt zwischen W\u00e4ldern und Quellen liegt \u2013 ideal f\u00fcr Trekkingfreunde und Liebhaber wilder Natur. <strong>Novella<\/strong> vereint die Orte <strong>Rev\u00f2<\/strong>, <strong>Cloz<\/strong>, <strong>Romallo<\/strong> und <strong>Cagn\u00f2<\/strong> in einem sanft h\u00fcgeligen Gebiet mit Blick auf den Santa-Giustina-Stausee, zwischen Weinbergen und Terrassenlandschaften\n\nAuch kleine, aber reizvolle D\u00f6rfer wie <strong>Sfruz<\/strong> mit seinen traditionellen Kachel\u00f6fen und den Wegen zum Corno di Tres, <strong>Dambel<\/strong> inmitten der Apfelg\u00e4rten, <strong>Cis<\/strong> am Fu\u00df der Maddalene, das gr\u00fcne <strong>Livo<\/strong> an der Grenze zu S\u00fcdtirol oder <strong>Sporminore<\/strong> am Taleingang bewahren ihre Authentizit\u00e4t und b\u00e4uerliche Seele.","immagine_sezione_6":"","titolo_sezione_6":"Sommer im Nonstal","testo_sezione_6":"Im Sommer zeigt sich das Nonstal von seiner facettenreichsten Seite. \u00dcppige Natur, lebendige Kultur und authentische D\u00f6rfer laden zum Verweilen und Erkunden ein. Wanderfreunde finden ein weit verzweigtes Netz an Wegen, die durch W\u00e4lder, Almen und Aussichtspunkte f\u00fchren. Beliebte Ziele sind das <strong>Corno di Tres<\/strong>, der imposante <strong>Lago di Tovel<\/strong>, die aussichtsreiche <strong>Drei-Almen-Runde <\/strong> zwischen Cloz, Rev\u00f2 und Kessel sowie die Erlebnispfade im Flusspark <strong>Parco Fluviale Novella<\/strong>, die besonders bei Familien sehr gesch\u00e4tzt sind. \n\nWer Erholung am Wasser sucht, wird von den Seen des Tals begeistert sein. Der smaragdgr\u00fcne <strong>Lago di Tret,<\/strong> der abgeschiedene <strong>Lago Rosso<\/strong>, der familienfreundliche <strong>Lago Smeraldo,<\/strong> der m\u00e4chtige <strong>Santa-Giustina-Stausee<\/strong> und der ikonische <strong>Lago di Tovel,<\/strong> umgeben von den Brenta-Dolomiten, sind perfekte Orte f\u00fcr entspannte Stunden oder ausgedehnte Wanderungen mit Rucksack und Fernsicht.\n\nF\u00fcr Abenteuerlustige bieten die <strong>Canyonlandschaften<\/strong> der Region ein besonderes Erlebnis. Der eindrucksvolle <strong>Canyon Rio Sass <\/strong> und die wilde Schlucht <strong>Orrido di Fondo<\/strong> k\u00f6nnen auf gesicherten Wegen und gef\u00fchrten Touren entdeckt werden \u2013 zwischen Felsw\u00e4nden, Wasserf\u00e4llen und schmalen Pfaden.\n\nRadfahrer genie\u00dfen die <strong>Nonstaler Radroute, <\/strong> die sich durch Obstg\u00e4rten, vorbei an Burgen und kleinen D\u00f6rfern schl\u00e4ngelt, mit Aussichtspunkten und Rastpl\u00e4tzen. Dank vieler Verleihstellen f\u00fcr Fahrr\u00e4der und E-Bikes ist sie auch f\u00fcr spontane Ausfl\u00fcge bestens geeignet. ","immagine_sezione_7":"","titolo_sezione_7":"Herbst im Nonstal","testo_sezione_7":"Im Herbst verwandelt sich das Tal in ein farbenpr\u00e4chtiges Kunstwerk. Die <strong>W\u00e4lder<\/strong> leuchten in Gelb, Rot und Orange, w\u00e4hrend die voll behangenen <strong>Apfelb\u00e4ume<\/strong> das Landschaftsbild ordnen. Es ist die Zeit des Foliage und der Apfelernte, ein Moment, der wie kein anderer das b\u00e4uerliche Herz des Tals sp\u00fcrbar macht. \n\nEin H\u00f6hepunkt der Jahreszeit ist <strong>Pomaria<\/strong>, das bekannte Apfelfest mit Marktst\u00e4nden, Verkostungen, Workshops und festlicher Atmosph\u00e4re. Wer noch n\u00e4her dran sein m\u00f6chte, kann beim <strong>Mela Colgo<\/strong> selbst mithelfen und \u00c4pfel ernten \u2013 ein authentisches Erlebnis f\u00fcr gro\u00dfe und kleine G\u00e4ste. <strong>Spazierg\u00e4nge durch die Obstg\u00e4rten<\/strong> oder farbenfrohen W\u00e4lder machen den Herbst zu einer stillen, genussvollen Zeit \u2013 f\u00fcr Familien, Fotografen und alle, die das leise Rascheln der Bl\u00e4tter sch\u00e4tzen.  \n\nAuch geschichtlich und kulturell Interessierte kommen im Herbst auf ihre Kosten. Die milden Temperaturen eignen sich hervorragend f\u00fcr den Besuch der <strong>Burgen des Tals. <\/strong> <strong>Castel Thun<\/strong> als Symbol trentinischer Adelstradition, das elegante <strong>Castel Valer<\/strong> mit seinem achteckigen Turm und Renaissancefresken oder das kleinere, charmante <strong>Castel Nanno<\/strong> erz\u00e4hlen von vergangenen Jahrhunderten zwischen G\u00e4rten, Salons und dicken Steinmauern. ","immagine_sezione_8":"","titolo_sezione_8":"Winter im Nonstal","testo_sezione_8":"Der Winter ist ruhig, klar und tief verbunden mit der Natur. Die Val di Non ist ein Ort f\u00fcr alle, die die Stille des Schnees suchen, aber keine \u00fcberf\u00fcllten Skigebiete. <strong>Kleine, famili\u00e4re Skistationen<\/strong> wie <strong>Predaia<\/strong>, <strong>Monte Roen<\/strong> oder <strong>Proves<\/strong> bieten ideale Bedingungen f\u00fcr Anf\u00e4nger und Familien. Die verschneiten H\u00e4nge sind sanft, \u00fcbersichtlich und von einer vertr\u00e4umten Winterlandschaft umgeben. \n\nWer die Natur lieber gem\u00e4chlich erkundet, findet in <strong>Schneeschuhwanderungen<\/strong> die perfekte Aktivit\u00e4t. Gut ausgeschilderte Routen f\u00fchren zum <strong> Lago di Tret,<\/strong> zur aussichtsreichen <strong>Romenoalm<\/strong> oder \u00fcber die verschneiten Grate des C<strong>orno di Tres. <\/strong> Auch f\u00fcr Kinder gibt es zahlreiche M\u00f6glichkeiten: Rodelbahnen, Eislaufpl\u00e4tze und Winterspielbereiche sind in vielen D\u00f6rfern zu finden, w\u00e4hrend die <strong>Weihnachtsm\u00e4rkte<\/strong> mit Lichtern, D\u00fcften und handgefertigten Produkten eine warme, einladende Atmosph\u00e4re schaffen \u2013 selbst in der k\u00e4ltesten Zeit des Jahres. \n\nNat\u00fcrlich darf im Winter die kulinarische Tradition des Tals nicht fehlen. Das bekannteste Gericht ist der <strong>\u201eTort\u00e8l di patate\u201c,<\/strong> knusprig gebackene Kartoffelfladen, serviert mit lokalen K\u00e4sesorten, Aufschnitt und Wei\u00dfkraut. Unbedingt probieren sollte man auch die rohen <strong>Kartoffelgnocchi<\/strong>, die <strong>Buchweizentorte<\/strong> mit Preiselbeermarmelade, die w\u00fcrzige ger\u00e4ucherte <strong>\u201eMortandela\u201c<\/strong>, das weihnachtliche <strong>\u201eZelten\u201c<\/strong>, frischen <strong>Almk\u00e4se<\/strong> und ein Glas <strong>Groppello<\/strong> \u2013 den charakteristischen Wein des Nonstals. \n\n\u00a0","immagine_sezione_9":"","titolo_sezione_9":"Fr\u00fchling im Nonstal","testo_sezione_9":"Der Fr\u00fchling im Nonstal ist ein Fest der Farben und D\u00fcfte. Wenn die Apfelb\u00e4ume bl\u00fchen, verwandelt sich das Tal in ein wei\u00df-rosa Bl\u00fctenmeer. Zu den H\u00f6hepunkten z\u00e4hlt <strong>\u201eFiorinda\u201c<\/strong>, das Fest der Apfelbl\u00fcte in Mollaro, mit Handwerksm\u00e4rkten, Kinderworkshops, Verkostungen und Auff\u00fchrungen, die ganz den ber\u00fchmten Melinda-\u00c4pfeln gewidmet sind. Ein weiteres Highlight ist <strong>\u201eQuattro Ville in Fiore\u201c<\/strong>, ein Lauf oder Spaziergang durch bl\u00fchende Obstg\u00e4rten und historische Schl\u00f6sser, begleitet von F\u00fchrungen, Musik und Fr\u00fchlingsstimmung.  \n\nAuch die Natur zeigt sich in ihrer sch\u00f6nsten Form. Besonders poetisch sind die Seen der Val di Non in dieser Jahreszeit. Von Cavareno aus f\u00fchrt ein leichter, stimmungsvoller Weg zu den <strong>Ruffr\u00e8-Seen<\/strong> \u2013 stille R\u00fcckzugsorte inmitten gr\u00fcner Natur, ideal f\u00fcr alle, die Ruhe und Sch\u00f6nheit suchen. Rund um Romeno, Coredo und Tassullo f\u00fchren Wege durch <strong>bl\u00fchende Apfelhaine <\/strong> \u2013 perfekt f\u00fcr entspannte Spazierg\u00e4nge oder Radtouren mit unvergesslichen Ausblicken und zarten Fr\u00fchlingsfarben.  \n\nAbgerundet wird das Erlebnis durch <strong>Picknicks<\/strong> auf gr\u00fcnen Wiesen, Besuche auf <strong>Lernbauernh\u00f6fen<\/strong>, <strong>Weinverkostungen<\/strong> in den Groppello-Kellereien und entspannende Momente in den <strong> bl\u00fchenden G\u00e4rten<\/strong> von Ronzone oder in den ersten ge\u00f6ffneten Almh\u00fctten der Saison.","immagine_sezione_10":"","titolo_sezione_10":"","testo_sezione_10":""},"_links":{"self":[{"href":"https:\/\/www.passionedolomiti.com\/de\/wp-json\/wp\/v2\/localita\/12344","targetHints":{"allow":["GET"]}}],"collection":[{"href":"https:\/\/www.passionedolomiti.com\/de\/wp-json\/wp\/v2\/localita"}],"about":[{"href":"https:\/\/www.passionedolomiti.com\/de\/wp-json\/wp\/v2\/types\/localita"}],"version-history":[{"count":0,"href":"https:\/\/www.passionedolomiti.com\/de\/wp-json\/wp\/v2\/localita\/12344\/revisions"}],"wp:featuredmedia":[{"embeddable":true,"href":"https:\/\/www.passionedolomiti.com\/de\/wp-json\/wp\/v2\/media\/10007"}],"wp:attachment":[{"href":"https:\/\/www.passionedolomiti.com\/de\/wp-json\/wp\/v2\/media?parent=12344"}],"wp:term":[{"taxonomy":"impostazione","embeddable":true,"href":"https:\/\/www.passionedolomiti.com\/de\/wp-json\/wp\/v2\/impostazione?post=12344"}],"curies":[{"name":"wp","href":"https:\/\/api.w.org\/{rel}","templated":true}]}}