{"id":11592,"date":"2025-01-17T12:19:58","date_gmt":"2025-01-17T11:19:58","guid":{"rendered":"https:\/\/www.passionedolomiti.com\/alloggio\/hotel-carmen\/"},"modified":"2025-01-17T12:19:58","modified_gmt":"2025-01-17T11:19:58","slug":"hotel-carmen","status":"publish","type":"alloggio","link":"https:\/\/www.passionedolomiti.com\/de\/alloggio\/hotel-carmen\/","title":{"rendered":"Hotel Carmen"},"content":{"rendered":"","protected":false},"featured_media":9213,"parent":0,"template":"","meta":{"_acf_changed":false},"impostazione":[],"class_list":["post-11592","alloggio","type-alloggio","status-publish","has-post-thumbnail","hentry"],"acf":{"nome":"Hotel Carmen","tipologia":"hotel","stelle":"3s","regione":"alto_adige","area":"val_gardena","sito_web_url":"https:\/\/www.hotel-carmen.com\/","sito_web":"www.hotel-carmen.com","email_principale":"info@hotel-carmen.com","email_principale_url":"mailto:info@hotel-carmen.com","numero_di_telefono_principale":"0471 79 21 10","numero_di_telefono_principale_url":"tel:0471792110","indirizzo":"Strada Chemun 16","cap":39047,"comune":"Santa Cristina","caratteristiche":["romantic","nature"],"servizi_hotel":["wellness","con_vista","navetta","garage","auto_elettriche"],"etichette_ecologiche":"","costo":"\u20ac","prezzo_a_notte":"","priorita":"","alloggio_consigliato":false,"hotel_gold":false,"hotel_premium":true,"riassunto_esteso":"","riassunto":"","immagine_galleria_1":9213,"immagine_galleria_2":9203,"immagine_galleria_3":9201,"immagine_galleria_4":9215,"immagine_galleria_5":9209,"immagine_galleria_6":9219,"immagine_galleria_7":9211,"immagine_galleria_8":14254,"immagine_galleria_9":14251,"immagine_galleria_10":14248,"immagine_galleria_11":9221,"immagine_galleria_12":9225,"titolo":"Hotel Carmen","sottotitolo":"Gr\u00f6den und die Seiser Alm entspannt erleben","testo_princiaple":"<span style=\"font-weight: 400;\">Im Hotel Carmen ruht das Wohlbefinden auf vier S\u00e4ulen:<\/span> <b>Verweilen, Entspannen, Wohnen und Leben.<\/b><span style=\"font-weight: 400;\">. Dieses Hotel liegt im Herzen von<\/span><b> St. Christina<\/b><span style=\"font-weight: 400;\">, inmitten der herrlichen Landschaft der Dolomiten, die von der UNESCO zum Weltnaturerbe erkl\u00e4rt wurden. Es ist ein Refugium, in dem sich Natur, Ruhe und Komfort zu einem unvergesslichen Erlebnis vereinen. Hier k\u00f6nnen Sie sich erholen und in die positive Energie eines echten Paradieses S\u00fcdtirols eintauchen. <\/span>","titolo_sottosezione_1":"Gr\u00f6den und die Seiser Alm: Das Herz der Dolomiten","testo_sottosezione_1":"<span style=\"font-weight: 400;\">Das Gr\u00f6dnertal und die Seiser Alm bedeuten Abenteuer und Wunder. Umgeben von ikonischen Gipfeln wie dem Langkofel, dem Puez und dem Geisler, ist dies das Reich der Begeisterten der Berge. Ob Sie nun ein erfahrener Skifahrer oder ein Anf\u00e4nger sind, Sie werden von   <\/span><b>Profis <\/b> <span style=\"font-weight: 400;\"> wie den Bergf\u00fchrern der Catores de Gherd\u00ebina oder den Skilehrern, die auf der ber\u00fchmten Saslong-Piste ausgebildet werden, begleitet. <\/span> \n\n<span style=\"font-weight: 400;\">Im <\/span> <b>Winter <\/b> <span style=\"font-weight: 400;\">gibt es viele M\u00f6glichkeiten: Vom Abfahrtski auf der legend\u00e4ren Sellaronda - Teil des Dolomiti Superski - bis zum Langlauf, vom Rodeln bis zum Schneeschuhwandern und sogar zum Eislaufen, einer Sportart, aus der die in Gr\u00f6den geborene Meisterin Carolina Kostner hervorgegangen ist. <\/span>","titolo_sottosezione_2":"\u201eVal Gardena Active\u201c f\u00fcr den Sommer","testo_sottosezione_2":"<b>Im Sommer l\u00e4dt das Hotel Carmen zur Teilnahme am Programm<\/b> <span style=\"font-weight: 400;\">\u201eVal Gardena Active\u201d<\/span> ein.<span style=\"font-weight: 400;\">. Sie k\u00f6nnen die Umgebung mit dem E-Bike erkunden, das Museum Gherd\u00ebina und traditionelle Bauernh\u00f6fe besuchen, an Workshops zum Thema Fotografie teilnehmen oder Wanderungen mit Panoramablick unternehmen. <\/span>\n\n<span style=\"font-weight: 400;\">Das Hotel organisiert sogar<\/span> <b>Kochkurse<\/b> <span style=\"font-weight: 400;\">mit einheimischen Bauern, um die authentischen Aromen des Gr\u00f6dnertals kennen zu lernen. Diese finden sich dann auch in den Gourmet-Rezepten des Hotelrestaurants wieder. <\/span> \n\n<span style=\"font-weight: 400;\">Und auch die <\/span> <b>Kinder <\/b> <span style=\"font-weight: 400;\">kommen voll und ganz auf ihre Kosten. Sie k\u00f6nnen auf Schatzsuchen gehen, im Wald Abenteuer erleben, angeln, klettern und noch so viel mehr. Ein Urlaub mit der Familie wird zum unvergesslichen Erlebnis f\u00fcr Gro\u00df und Klein! <\/span>","titolo_sottosezione_3":"Fr\u00fchling und Herbst: Ideale Jahreszeiten f\u00fcr Ruhe","testo_sottosezione_3":"<span style=\"font-weight: 400;\">F\u00fcr diejenigen, die Ruhe und Frieden suchen, sind Fr\u00fchling und Herbst die ideale Zeit. In diesen Jahreszeiten zeigt sich die Natur in ihrer ganzen Reinheit und die <\/span><b>\u201eBleichen Berge\u201c<\/b><span style=\"font-weight: 400;\">f\u00e4rben sich bei Sonnenuntergang in den Farben des Alpengl\u00fchens. Im Fr\u00fchling explodieren die  <\/span><b>Wiesen <\/b><span style=\"font-weight: 400;\">mit bunten Bl\u00fcten und einer Vielzahl von Gr\u00fcnt\u00f6nen. Im Herbst hingegen wird die Landschaft von warmen, goldenen Farben beherrscht, die typisch f\u00fcr das  <\/span><b>Laub <\/b> <span style=\"font-weight: 400;\">sind und eine intime und einh\u00fcllende Atmosph\u00e4re schaffen. <\/span>\n\n<span style=\"font-weight: 400;\">Im Hotel Carmen erwartet Sie das volle Programm f\u00fcr einen unvergesslichen Urlaub in den Bergen. Sichern Sie sich jetzt Ihren unvergesslichen Urlaub! <\/span>","titolo_sottosezione_4":"","testo_sottosezione_4":"","titolo_sottosezione_5":"","testo_sottosezione_5":"","titolo_sottosezione_6":"","testo_sottosezione_6":"","titolo_sottosezione_7":"","testo_sottosezione_7":"","titolo_sottosezione_8":"","testo_sottosezione_8":"","titolo_sottosezione_9":"","testo_sottosezione_9":"","titolo_sottosezione_10":"","testo_sottosezione_10":"","nome_offerta_1":"","date_offerta_1":"","prezzo_offerta_1":"","descrizione_offerta_1":"","immagine_offerta_1":"","link_offerta_1":"","testo_pulsante_cta_1":"","nome_offerta_2":"","date_offerta_2":"","prezzo_offerta_2":"","descrizione_offerta_2":"","immagine_offerta_2":"","link_offerta_2":"","testo_pulsante_cta_2":"","nome_offerta_3":"","date_offerta_3":"","prezzo_offerta_3":"","descrizione_offerta_3":"","immagine_offerta_3":"","link_offerta_3":"","testo_pulsante_cta_3":"","nome_offerta_4":"","date_offerta_4":"","prezzo_offerta_4":"","descrizione_offerta_4":"","immagine_offerta_4":"","link_offerta_4":"","testo_pulsante_cta_4":"","nome_offerta_5":"","date_offerta_5":"","prezzo_offerta_5":"","descrizione_offerta_5":"","immagine_offerta_5":"","link_offerta_5":"","testo_pulsante_cta_5":"","nome_offerta_6":"","date_offerta_6":"","prezzo_offerta_6":"","descrizione_offerta_6":"","immagine_offerta_6":"","link_offerta_6":"","testo_pulsante_cta_6":"","nome_offerta_7":"","date_offerta_7":"","prezzo_offerta_7":"","descrizione_offerta_7":"","immagine_offerta_7":"","link_offerta_7":"","testo_pulsante_cta_7":"","nome_offerta_8":"","date_offerta_8":"","prezzo_offerta_8":"","descrizione_offerta_8":"","immagine_offerta_8":"","link_offerta_8":"","testo_pulsante_cta_8":"","nome_offerta_9":"","date_offerta_9":"","prezzo_offerta_9":"","descrizione_offerta_9":"","immagine_offerta_9":"","link_offerta_9":"","testo_pulsante_cta_9":"","nome_offerta_10":"","date_offerta_10":"","prezzo_offerta_10":"","descrizione_offerta_10":"","immagine_offerta_10":"","link_offerta_10":"","testo_pulsante_cta_10":"","nome_offerta_11":"","date_offerta_11":"","prezzo_offerta_11":"","descrizione_offerta_11":"","immagine_offerta_11":"","link_offerta_11":"","testo_pulsante_cta_11":"","nome_offerta_12":"","date_offerta_12":"","prezzo_offerta_12":"","descrizione_offerta_12":"","immagine_offerta_12":"","link_offerta_12":"","testo_pulsante_cta_12":"","nome_offerta_13":"","date_offerta_13":"","prezzo_offerta_13":"","descrizione_offerta_13":"","immagine_offerta_13":"","link_offerta_13":"","testo_pulsante_cta_13":"","titolo_faq_1":"","risposta_faq_1":"","titolo_faq_2":"","risposta_faq_2":"","titolo_faq_3":"","risposta_faq_3":"","titolo_faq_4":"","risposta_faq_4":"","titolo_faq_5":"","risposta_faq_5":"","titolo_faq_6":"","risposta_faq_6":"","titolo_faq_7":"","risposta_faq_7":"","titolo_faq_8":"","risposta_faq_8":""},"_links":{"self":[{"href":"https:\/\/www.passionedolomiti.com\/de\/wp-json\/wp\/v2\/alloggi\/11592","targetHints":{"allow":["GET"]}}],"collection":[{"href":"https:\/\/www.passionedolomiti.com\/de\/wp-json\/wp\/v2\/alloggi"}],"about":[{"href":"https:\/\/www.passionedolomiti.com\/de\/wp-json\/wp\/v2\/types\/alloggio"}],"version-history":[{"count":0,"href":"https:\/\/www.passionedolomiti.com\/de\/wp-json\/wp\/v2\/alloggi\/11592\/revisions"}],"wp:featuredmedia":[{"embeddable":true,"href":"https:\/\/www.passionedolomiti.com\/de\/wp-json\/wp\/v2\/media\/9213"}],"wp:attachment":[{"href":"https:\/\/www.passionedolomiti.com\/de\/wp-json\/wp\/v2\/media?parent=11592"}],"wp:term":[{"taxonomy":"impostazione","embeddable":true,"href":"https:\/\/www.passionedolomiti.com\/de\/wp-json\/wp\/v2\/impostazione?post=11592"}],"curies":[{"name":"wp","href":"https:\/\/api.w.org\/{rel}","templated":true}]}}